{"id":1298,"date":"2024-03-07T18:59:37","date_gmt":"2024-03-07T18:59:37","guid":{"rendered":"https:\/\/pink-ant-555455.hostingersite.com\/?page_id=1298"},"modified":"2024-03-20T15:57:07","modified_gmt":"2024-03-20T15:57:07","slug":"san-pedro-de-atacama-5-dias-y-4-noches","status":"publish","type":"page","link":"https:\/\/cumbres6000.cl\/pt\/san-pedro-de-atacama-5-dias-y-4-noches\/","title":{"rendered":"GIRA DE ESTUDIO San Pedro de Atacama 5 D\u00edas y 4 Noches"},"content":{"rendered":"<p><\/p>\n\n\n\n<figure data-wp-context=\"{&quot;imageId&quot;:&quot;69f54c63e16b5&quot;}\" data-wp-interactive=\"core\/image\" data-wp-key=\"69f54c63e16b5\" class=\"wp-block-image size-full is-resized has-custom-border is-style-rounded wp-duotone-unset-1 wp-lightbox-container\"><img loading=\"lazy\" decoding=\"async\" width=\"1366\" height=\"768\" data-wp-class--hide=\"state.isContentHidden\" data-wp-class--show=\"state.isContentVisible\" data-wp-init=\"callbacks.setButtonStyles\" data-wp-on--click=\"actions.showLightbox\" data-wp-on--load=\"callbacks.setButtonStyles\" data-wp-on-window--resize=\"callbacks.setButtonStyles\" src=\"https:\/\/cumbres6000.cl\/wp-content\/uploads\/2024\/03\/64.webp\" alt=\"\" class=\"wp-image-1300\" style=\"border-style:none;border-width:0px;border-radius:48px;width:1113px;height:auto\" srcset=\"https:\/\/cumbres6000.cl\/wp-content\/uploads\/2024\/03\/64.webp 1366w, https:\/\/cumbres6000.cl\/wp-content\/uploads\/2024\/03\/64-300x169.webp 300w, https:\/\/cumbres6000.cl\/wp-content\/uploads\/2024\/03\/64-1024x576.webp 1024w, https:\/\/cumbres6000.cl\/wp-content\/uploads\/2024\/03\/64-768x432.webp 768w, https:\/\/cumbres6000.cl\/wp-content\/uploads\/2024\/03\/64-600x337.webp 600w\" sizes=\"auto, (max-width: 1366px) 100vw, 1366px\" \/><button\n\t\t\tclass=\"lightbox-trigger\"\n\t\t\ttype=\"button\"\n\t\t\taria-haspopup=\"dialog\"\n\t\t\taria-label=\"Ampliar\"\n\t\t\tdata-wp-init=\"callbacks.initTriggerButton\"\n\t\t\tdata-wp-on--click=\"actions.showLightbox\"\n\t\t\tdata-wp-style--right=\"state.imageButtonRight\"\n\t\t\tdata-wp-style--top=\"state.imageButtonTop\"\n\t\t>\n\t\t\t<svg xmlns=\"http:\/\/www.w3.org\/2000\/svg\" width=\"12\" height=\"12\" fill=\"none\" viewbox=\"0 0 12 12\">\n\t\t\t\t<path fill=\"#fff\" d=\"M2 0a2 2 0 0 0-2 2v2h1.5V2a.5.5 0 0 1 .5-.5h2V0H2Zm2 10.5H2a.5.5 0 0 1-.5-.5V8H0v2a2 2 0 0 0 2 2h2v-1.5ZM8 12v-1.5h2a.5.5 0 0 0 .5-.5V8H12v2a2 2 0 0 1-2 2H8Zm2-12a2 2 0 0 1 2 2v2h-1.5V2a.5.5 0 0 0-.5-.5H8V0h2Z\" \/>\n\t\t\t<\/svg>\n\t\t<\/button><\/figure>\n\n\n\n<p><strong><u>DETALLE DEL PROGRAMA<\/u><\/strong><\/p>\n\n\n\n<p><strong>D\u00eda 1<\/strong><\/p>\n\n\n\n<figure class=\"wp-block-image alignright size-large is-resized\"><img loading=\"lazy\" decoding=\"async\" width=\"819\" height=\"1024\" src=\"https:\/\/cumbres6000.cl\/wp-content\/uploads\/2024\/03\/111-819x1024.png\" alt=\"\" class=\"wp-image-1292\" style=\"width:522px;height:auto\" srcset=\"https:\/\/cumbres6000.cl\/wp-content\/uploads\/2024\/03\/111-819x1024.png 819w, https:\/\/cumbres6000.cl\/wp-content\/uploads\/2024\/03\/111-240x300.png 240w, https:\/\/cumbres6000.cl\/wp-content\/uploads\/2024\/03\/111-768x960.png 768w, https:\/\/cumbres6000.cl\/wp-content\/uploads\/2024\/03\/111-600x750.png 600w, https:\/\/cumbres6000.cl\/wp-content\/uploads\/2024\/03\/111.png 1080w\" sizes=\"auto, (max-width: 819px) 100vw, 819px\" \/><\/figure>\n\n\n\n<p><strong>Recep\u00e7\u00e3o no aeroporto de Calama.<\/strong><\/p>\n\n\n\n<p>Recepci\u00f3n en Aeropuerto de Calama y traslado a San Pedro de Atacama 100 km.<\/p>\n\n\n\n<p><strong>21 horas Tour Astron\u00f3mico 2 turnos de 1:30 cada turno, incluye<\/strong><\/p>\n\n\n\n<p>Astr\u00f3nomo aficionado con 30 a\u00f1os de estudios.&nbsp;Contamos con 2 Telescopios en terreno para la observaci\u00f3n. Foto grupal con las estrellas de fondo. Bebidas calientes: t\u00e9, caf\u00e9, chocolate caliente, aguas de hierbas. Snack dulce y salado. Mantas de polar para protegerse del frio. En caso de haber luna Llena se hace el tour astro Lunar.<\/p>\n\n\n\n<p><strong>D\u00eda 2&nbsp;<\/strong><\/p>\n\n\n\n<p><strong>&nbsp;15 hrs &#8211; Valle de la Luna \u2013 Piedra del Coyote<\/strong><\/p>\n\n\n\n<p>Desde la oficina nos dirigimos al noroeste para hacer ingreso al Valle de la Luna, ah\u00ed se debe pagar la entrada.&nbsp; Al ingresar haremos nuestra primera parada en las Cavernas de Sal en un recorrido de 25 minutos aproximadamente. Luego seguiremos a las 3 Mar\u00edas para luego terminar a fuera del Valle de la luna en el mirador de La Piedra del Coyote. Frente a todo el Salar de Atacama y Cordillera de los Andes.<\/p>\n\n\n\n<p><strong>D\u00eda 3<\/strong><\/p>\n\n\n\n<p><strong>8 am \u2013 Valle del Arco Iris \u2013 Petroglifos.<\/strong><\/p>\n\n\n\n<p>Salida de San Pedro en direcci\u00f3n Calama, desviando en el km 50 entrando en el coraz\u00f3n de la cordillera de DOMEYKO llegando a Matancilla (valle del Arco Iris) fant\u00e1stico lugar de colores rojo, plomo, verde, marr\u00f3n, p\u00farpura, dando ejemplo vivo de la fuerza e impactos de la naturaleza. Luego visitamos la zona de Yerbas Buenas (petroglifos) de hasta 3.000 de antig\u00fcedad, y de diferentes motivos.<\/p>\n\n\n\n<p><strong>D\u00eda 4&nbsp;<\/strong><\/p>\n\n\n\n<p><strong>5 am Geiser del Tatio \u2013 Vado de Putana \u2013 Machuca \u2013 Mirador Guat\u00edn.<\/strong><\/p>\n\n\n\n<p>Salida desde su hotel en direcci\u00f3n norte a 100 Km y a una altura de 4.250 msnm, donde se encuentra el campo geot\u00e9rmico G\u00e9iser del Tatio que forman una serie de fumarolas que despiden agua y vapor de origen volc\u00e1nico con un periodo c\u00edclico. Se hace un recorrido por el campo geot\u00e9rmico para poder admirar el espect\u00e1culo de los G\u00e9iser en su m\u00e1xima expresi\u00f3n. M\u00e1s tarde invitamos a tomar desayuno, y luego a disfruten de un c\u00e1lido ba\u00f1o en la piscina termal del campo geot\u00e9rmico. Retorno a San Pedro de Atacama pasando por el pueblo de Machuca d\u00eda.<\/p>\n\n\n\n<figure class=\"wp-block-image alignright size-large is-resized\"><img loading=\"lazy\" decoding=\"async\" width=\"819\" height=\"1024\" src=\"https:\/\/cumbres6000.cl\/wp-content\/uploads\/2024\/03\/122-819x1024.webp\" alt=\"\" class=\"wp-image-1301\" style=\"width:521px;height:auto\" srcset=\"https:\/\/cumbres6000.cl\/wp-content\/uploads\/2024\/03\/122-819x1024.webp 819w, https:\/\/cumbres6000.cl\/wp-content\/uploads\/2024\/03\/122-240x300.webp 240w, https:\/\/cumbres6000.cl\/wp-content\/uploads\/2024\/03\/122-768x960.webp 768w, https:\/\/cumbres6000.cl\/wp-content\/uploads\/2024\/03\/122-600x750.webp 600w, https:\/\/cumbres6000.cl\/wp-content\/uploads\/2024\/03\/122.webp 1080w\" sizes=\"auto, (max-width: 819px) 100vw, 819px\" \/><\/figure>\n\n\n\n<p><strong>&nbsp; <\/strong><strong>15 hrs Para ba\u00f1arse y flotar. Lagunas Escondidas Baltinache.<\/strong><\/p>\n\n\n\n<p>Salimos del hostal en direcci\u00f3n a Calama. En el kil\u00f3metro 15 nos encontramos en el llano de la Paciencia donde tomamos el camino que nos llevar\u00e1 a las Lagunas Escondidas o de Baltinache. Disfrutamos del ba\u00f1o en las primera y \u00faltima laguna. Al terminar regresamos a San Pedro haciendo una parada en el Mirador de Cari con toda la cordillera de los Andes y el Salar de Atacama de fondo, todo acompa\u00f1ado de un snack.<\/p>\n\n\n\n<p><strong>D\u00eda 5.<\/strong><\/p>\n\n\n\n<p><strong>Lagunas altipl\u00e1nicas &#8211; Pueblos altipl\u00e1nicos Socaire y Toconao &#8211; Salar de Atacama (laguna Chaxa).<\/strong><\/p>\n\n\n\n<p>Salida despu\u00e9s del desayuno hacia el sur del Salar de Atacama. Visitamos los pueblos de Socaire y Toconao donde podremos observar artesan\u00eda t\u00edpica y diferentes tipos de plantaciones. Visitamos tambi\u00e9n el centro del salar, laguna Chaxa lugar de nidificaci\u00f3n de flamencos, especial para su observaci\u00f3n. Tambi\u00e9n visitaremos las lagunas Miscanti y Me\u00f1iques sobre 4.200 msnm. Terminamos en San Pedro.<\/p>\n\n\n\n<p>Cerramos el programa con una despedida en el hostal<\/p>\n\n\n\n<p><strong>&#8211; Transfer San Pedro de Atacama &#8211; Calama.<\/strong><\/p>\n\n\n\n<ul class=\"wp-block-list\">\n<li>Valores para a\u00f1o 2024. &nbsp;Una vez definidas las fechas reales y cantidad de pasajeros se hace la cotizaci\u00f3n final.<\/li>\n\n\n\n<li>Pre\u00e7os n\u00e3o v\u00e1lidos para fins de semana prolongados ou feriados.<\/li>\n\n\n\n<li>Os programas podem ser modificados se o grupo solicitar com 30 dias de anteced\u00eancia.<\/li>\n\n\n\n<li>O programa poder\u00e1 ser modificado por fatores externos, como mau tempo, ordens municipais e proibi\u00e7\u00f5es da Conaf.<\/li>\n\n\n\n<li>En el caso de tour astron\u00f3mico puede variar por nubes y\/o luna llena.<\/li>\n\n\n\n<li>Valores disponibles hasta diciembre 2024<\/li>\n<\/ul>\n\n\n\n<p><strong><u>El programa incluye<\/u><\/strong><\/p>\n\n\n\n<figure class=\"wp-block-image alignright size-large is-resized\"><img loading=\"lazy\" decoding=\"async\" width=\"1024\" height=\"681\" src=\"https:\/\/cumbres6000.cl\/wp-content\/uploads\/2024\/03\/DSC_0070-1024x681.jpg\" alt=\"\" class=\"wp-image-1324\" style=\"width:520px;height:auto\" srcset=\"https:\/\/cumbres6000.cl\/wp-content\/uploads\/2024\/03\/DSC_0070-1024x681.jpg 1024w, https:\/\/cumbres6000.cl\/wp-content\/uploads\/2024\/03\/DSC_0070-300x199.jpg 300w, https:\/\/cumbres6000.cl\/wp-content\/uploads\/2024\/03\/DSC_0070-768x511.jpg 768w, https:\/\/cumbres6000.cl\/wp-content\/uploads\/2024\/03\/DSC_0070-1536x1021.jpg 1536w, https:\/\/cumbres6000.cl\/wp-content\/uploads\/2024\/03\/DSC_0070-2048x1362.jpg 2048w, https:\/\/cumbres6000.cl\/wp-content\/uploads\/2024\/03\/DSC_0070-600x399.jpg 600w\" sizes=\"auto, (max-width: 1024px) 100vw, 1024px\" \/><\/figure>\n\n\n\n<ul class=\"wp-block-list\">\n<li><strong>Recep\u00e7\u00e3o no aeroporto de Calama.<\/strong><\/li>\n\n\n\n<li><strong>Transfer\u00eancia privada do aeroporto de Calama para San Pedro de Atacama (100 km).<\/strong><\/li>\n\n\n\n<li><strong>\u00d4nibus privativos em todas as excurs\u00f5es.<\/strong><\/li>\n\n\n\n<li><strong>Guias certificados em todas as excurs\u00f5es.<\/strong><\/li>\n\n\n\n<li><strong>Tour por el pueblo.<\/strong><\/li>\n\n\n\n<li><strong>Tour Astron\u00f3mico.<\/strong><\/li>\n\n\n\n<li><strong>Tour Valle de la Luna.<\/strong><\/li>\n\n\n\n<li><strong>Tour Valle de Arco\u00edris.<\/strong><\/li>\n\n\n\n<li><strong>Tour Geiser del Tatio.<\/strong><\/li>\n\n\n\n<li><strong>Tour Laguna Baltinache para flotar.<\/strong><\/li>\n\n\n\n<li><strong>Tour Lagunas Altipl\u00e1nicas, salar y pueblos altipl\u00e1nicos.<\/strong><\/li>\n\n\n\n<li><strong>Ingressos para todos os parques.<\/strong><\/li>\n\n\n\n<li><strong>Alimentaci\u00f3n. Desayunos, almuerzos, cenas.<\/strong><\/li>\n\n\n\n<li><strong>4 Noches Hospedaje hostal tradicional.<\/strong><\/li>\n\n\n\n<li><strong>Gu\u00eda Tur\u00edstico en todo momento.<\/strong><\/li>\n<\/ul>\n\n\n\n<p><strong><u>El programa no incluye:<\/u><\/strong><\/p>\n\n\n\n<ul class=\"wp-block-list\">\n<li><strong>Otros servicios no ofrecidos en el programa como: <\/strong>Comidas en Machuca (brochetas y empanadas de queso de cabra), internet, servicio de lavander\u00eda, tel\u00e9fono.<\/li>\n\n\n\n<li><strong>Passagens a\u00e9reas.<\/strong><\/li>\n<\/ul>\n\n\n\n<p><strong><u>Valor total tour, entradas y hospedaje.<\/u><\/strong><\/p>\n\n\n\n<figure class=\"wp-block-image alignright size-large is-resized\"><img loading=\"lazy\" decoding=\"async\" width=\"1024\" height=\"576\" src=\"https:\/\/cumbres6000.cl\/wp-content\/uploads\/2024\/03\/42-1024x576.webp\" alt=\"\" class=\"wp-image-1311\" style=\"width:520px;height:auto\" srcset=\"https:\/\/cumbres6000.cl\/wp-content\/uploads\/2024\/03\/42-1024x576.webp 1024w, https:\/\/cumbres6000.cl\/wp-content\/uploads\/2024\/03\/42-300x169.webp 300w, https:\/\/cumbres6000.cl\/wp-content\/uploads\/2024\/03\/42-768x432.webp 768w, https:\/\/cumbres6000.cl\/wp-content\/uploads\/2024\/03\/42-600x337.webp 600w, https:\/\/cumbres6000.cl\/wp-content\/uploads\/2024\/03\/42.webp 1366w\" sizes=\"auto, (max-width: 1024px) 100vw, 1024px\" \/><\/figure>\n\n\n\n<p>&#8211; Tour Astron\u00f3mico\u00a0\u00a0\u00a0\u00a0\u00a0\u00a0\u00a0\u00a0\u00a0\u00a0\u00a0\u00a0\u00a0\u00a0 \u00a0\u00a0\u00a0\u00a0\u00a0\u00a0\u00a0\u00a0\u00a0 $  30.000<\/p>\n\n\n\n<p>&#8211; Valle de la luna\u00a0\u00a0\u00a0\u00a0\u00a0\u00a0\u00a0\u00a0\u00a0\u00a0\u00a0\u00a0\u00a0\u00a0\u00a0 \u00a0\u00a0\u00a0\u00a0\u00a0 \u00a0\u00a0\u00a0\u00a0\u00a0\u00a0\u00a0 $  47.000<\/p>\n\n\n\n<p>&#8211; Valle arco iris\u00a0\u00a0\u00a0\u00a0\u00a0\u00a0\u00a0\u00a0\u00a0\u00a0\u00a0\u00a0\u00a0\u00a0\u00a0\u00a0\u00a0\u00a0\u00a0\u00a0\u00a0\u00a0\u00a0\u00a0\u00a0  \u00a0\u00a0\u00a0\u00a0\u00a0 $  50.000<\/p>\n\n\n\n<p class=\"has-text-align-left\">&#8211; Laguna cejar\u00a0\u00a0\u00a0\u00a0\u00a0\u00a0\u00a0\u00a0\u00a0\u00a0\u00a0\u00a0\u00a0\u00a0\u00a0\u00a0\u00a0\u00a0     \u00a0\u00a0\u00a0                                  \u00a0\u00a0\u00a0 $  60.000\u00a0\u00a0\u00a0\u00a0\u00a0\u00a0\u00a0\u00a0\u00a0\u00a0\u00a0\u00a0\u00a0 <\/p>\n\n\n\n<p>&#8211; Lagunas Altipl\u00e1nicas y salar\u00a0 \u00a0 \u00a0 \u00a0 $  61.000<\/p>\n\n\n\n<p>&#8211; G\u00e9iser del Tatio\u00a0\u00a0\u00a0\u00a0\u00a0\u00a0\u00a0\u00a0\u00a0\u00a0\u00a0\u00a0\u00a0\u00a0\u00a0\u00a0\u00a0\u00a0\u00a0\u00a0\u00a0   \u00a0\u00a0 \u00a0\u00a0 $  60.000<\/p>\n\n\n\n<p>&#8211; Transfer Aeropuerto (x2)\u00a0\u00a0\u00a0\u00a0\u00a0\u00a0\u00a0\u00a0\u00a0\u00a0\u00a0 \u00a0 $  30.000<\/p>\n\n\n\n<p>&#8211; Hospedaje promedio 4 noches\u00a0\u00a0 $130.000<strong>\u00a0\u00a0\u00a0<\/strong><\/p>\n\n\n\n<p class=\"has-text-align-left\"><strong>TOTAL : $468.000\u00a0\u00a0\u00a0\u00a0\u00a0\u00a0\u00a0\u00a0\u00a0\u00a0\u00a0\u00a0\u00a0\u00a0\u00a0 <\/strong><\/p>\n\n\n\n<div class=\"wp-block-buttons is-content-justification-center is-layout-flex wp-container-core-buttons-is-layout-a89b3969 wp-block-buttons-is-layout-flex\">\n<div class=\"wp-block-button\"><a class=\"wp-block-button__link has-text-align-center wp-element-button\" href=\"https:\/\/pink-ant-555455.hostingersite.com\/producto\/giras-de-estudio-san-pedro-de-atacama-5-dias-y-4-noches\/\">Cotizar Gira de estudio 5 d\u00edas y 4 noches<\/a><\/div>\n<\/div>","protected":false},"excerpt":{"rendered":"<p>DETALLE DEL PROGRAMA D\u00eda 1 Recepci\u00f3n en aeropuerto de Calama. Recepci\u00f3n en Aeropuerto de Calama y traslado a San Pedro de Atacama 100 km. 21 horas Tour Astron\u00f3mico 2 turnos de 1:30 cada turno, incluye Astr\u00f3nomo aficionado con 30 a\u00f1os de estudios.&nbsp;Contamos con 2 Telescopios en terreno para la observaci\u00f3n. Foto grupal con las estrellas [&hellip;]<\/p>\n","protected":false},"author":1,"featured_media":0,"parent":0,"menu_order":0,"comment_status":"closed","ping_status":"closed","template":"","meta":{"_uag_custom_page_level_css":"","site-sidebar-layout":"default","site-content-layout":"","ast-site-content-layout":"default","site-content-style":"default","site-sidebar-style":"default","ast-global-header-display":"","ast-banner-title-visibility":"","ast-main-header-display":"","ast-hfb-above-header-display":"","ast-hfb-below-header-display":"","ast-hfb-mobile-header-display":"","site-post-title":"","ast-breadcrumbs-content":"","ast-featured-img":"","footer-sml-layout":"","ast-disable-related-posts":"","theme-transparent-header-meta":"","adv-header-id-meta":"","stick-header-meta":"","header-above-stick-meta":"","header-main-stick-meta":"","header-below-stick-meta":"","astra-migrate-meta-layouts":"set","ast-page-background-enabled":"default","ast-page-background-meta":{"desktop":{"background-color":"","background-image":"","background-repeat":"repeat","background-position":"center center","background-size":"auto","background-attachment":"scroll","background-type":"","background-media":"","overlay-type":"","overlay-color":"","overlay-opacity":"","overlay-gradient":""},"tablet":{"background-color":"","background-image":"","background-repeat":"repeat","background-position":"center center","background-size":"auto","background-attachment":"scroll","background-type":"","background-media":"","overlay-type":"","overlay-color":"","overlay-opacity":"","overlay-gradient":""},"mobile":{"background-color":"","background-image":"","background-repeat":"repeat","background-position":"center center","background-size":"auto","background-attachment":"scroll","background-type":"","background-media":"","overlay-type":"","overlay-color":"","overlay-opacity":"","overlay-gradient":""}},"ast-content-background-meta":{"desktop":{"background-color":"var(--ast-global-color-5)","background-image":"","background-repeat":"repeat","background-position":"center center","background-size":"auto","background-attachment":"scroll","background-type":"","background-media":"","overlay-type":"","overlay-color":"","overlay-opacity":"","overlay-gradient":""},"tablet":{"background-color":"var(--ast-global-color-5)","background-image":"","background-repeat":"repeat","background-position":"center center","background-size":"auto","background-attachment":"scroll","background-type":"","background-media":"","overlay-type":"","overlay-color":"","overlay-opacity":"","overlay-gradient":""},"mobile":{"background-color":"var(--ast-global-color-5)","background-image":"","background-repeat":"repeat","background-position":"center center","background-size":"auto","background-attachment":"scroll","background-type":"","background-media":"","overlay-type":"","overlay-color":"","overlay-opacity":"","overlay-gradient":""}},"_joinchat":[],"footnotes":""},"class_list":["post-1298","page","type-page","status-publish","hentry"],"_hostinger_reach_plugin_has_subscription_block":false,"_hostinger_reach_plugin_is_elementor":false,"uagb_featured_image_src":{"full":false,"thumbnail":false,"medium":false,"medium_large":false,"large":false,"1536x1536":false,"2048x2048":false,"trp-custom-language-flag":false,"woocommerce_thumbnail":false,"woocommerce_single":false,"woocommerce_gallery_thumbnail":false,"dgwt-wcas-product-suggestion":false},"uagb_author_info":{"display_name":"CumbresAdmin","author_link":"https:\/\/cumbres6000.cl\/pt\/author\/cumbresadmin\/"},"uagb_comment_info":0,"uagb_excerpt":"DETALLE DEL PROGRAMA D\u00eda 1 Recepci\u00f3n en aeropuerto de Calama. Recepci\u00f3n en Aeropuerto de Calama y traslado a San Pedro de Atacama 100 km. 21 horas Tour Astron\u00f3mico 2 turnos de 1:30 cada turno, incluye Astr\u00f3nomo aficionado con 30 a\u00f1os de estudios.&nbsp;Contamos con 2 Telescopios en terreno para la observaci\u00f3n. Foto grupal con las estrellas&hellip;","_links":{"self":[{"href":"https:\/\/cumbres6000.cl\/pt\/wp-json\/wp\/v2\/pages\/1298","targetHints":{"allow":["GET"]}}],"collection":[{"href":"https:\/\/cumbres6000.cl\/pt\/wp-json\/wp\/v2\/pages"}],"about":[{"href":"https:\/\/cumbres6000.cl\/pt\/wp-json\/wp\/v2\/types\/page"}],"author":[{"embeddable":true,"href":"https:\/\/cumbres6000.cl\/pt\/wp-json\/wp\/v2\/users\/1"}],"replies":[{"embeddable":true,"href":"https:\/\/cumbres6000.cl\/pt\/wp-json\/wp\/v2\/comments?post=1298"}],"version-history":[{"count":15,"href":"https:\/\/cumbres6000.cl\/pt\/wp-json\/wp\/v2\/pages\/1298\/revisions"}],"predecessor-version":[{"id":1412,"href":"https:\/\/cumbres6000.cl\/pt\/wp-json\/wp\/v2\/pages\/1298\/revisions\/1412"}],"wp:attachment":[{"href":"https:\/\/cumbres6000.cl\/pt\/wp-json\/wp\/v2\/media?parent=1298"}],"curies":[{"name":"wp","href":"https:\/\/api.w.org\/{rel}","templated":true}]}}